{"id":1378,"date":"2020-03-30T23:56:32","date_gmt":"2020-03-30T23:56:32","guid":{"rendered":"http:\/\/autosdelpodio.com\/autos\/?page_id=1378"},"modified":"2020-03-30T23:56:34","modified_gmt":"2020-03-30T23:56:34","slug":"el-por-que-de-la-pasion","status":"publish","type":"page","link":"https:\/\/autosdelpodio.com\/autos\/el-por-que-de-la-pasion\/","title":{"rendered":"El por qu\u00e9 de la pasi\u00f3n"},"content":{"rendered":"\n<div class=\"wp-block-image\"><figure class=\"aligncenter size-large\"><img fetchpriority=\"high\" decoding=\"async\" width=\"274\" height=\"184\" src=\"http:\/\/autosdelpodio.com\/autos\/wp-content\/uploads\/2020\/03\/elporque.jpg\" alt=\"\" class=\"wp-image-1379\"\/><\/figure><\/div>\n\n\n\n<p>Se sabe que el automovilismo nacional genera empleo, negocios, turismo y mucho m\u00e1s, porque todav\u00eda despierta en la gente esa pasi\u00f3n que nos fueron transmitiendo nuestros padres y abuelos.<\/p>\n\n\n\n<p>Cuando se acerca el automovilismo a la gente, ellos responden con algarab\u00eda y un fervor casi inigualable, ya que transmite adrenalina y a la vez sirve para buscar un momento de entretenimiento, de esparcimiento para poder compartir con la familia o amigos un d\u00eda diferente.<\/p>\n\n\n\n<p>De un tiempo a esta parte muchos son los aut\u00f3dromos que se hicieron a nuevo o se reformaron para intentar adjudicarse una fecha de algunos de los campeonatos nacionales, ll\u00e1mese TC, TC2000, TRV6 o Turismo Nacional; sin desconocer que hoteles, locales comerciales, restaurantes, etc. ven incrementados sus ingresos con la llegada del automovilismo a la ciudad de turno.<\/p>\n\n\n\n<p>Cada vez hay m\u00e1s aut\u00f3dromos en la Argentina, lo cual no quiere decir que sea lo m\u00e1s adecuado o el camino del progreso. No es cuesti\u00f3n de utilizar 10 hect\u00e1reas al costado de una ruta y hacer una carpeta asf\u00e1ltica, es muy costoso y poco productivo mantener autodromos que solo se usan pr\u00e1cticamente una sola vez al a\u00f1o.<\/p>\n\n\n\n<p>Lo ideal seria tener escenarios a la altura de las circunstancias (como lo hace Brasil que solo utiliza sus 4 autodromos internacionales), donde para los pilotos sientan que ganaron en templos como lo es hist\u00f3ricamente el Oscar y Juan G\u00e1lvez de la Ciudad de Bs. As.<\/p>\n\n\n\n<p>\u00daltimamente, por ejemplo, se re acondicion\u00f3 el circuito semipermanente de Potrero de los Funes,en San Luis, que se proyecta como una plaza donde todos querr\u00e1n ganar, porque ganar all\u00ed ser\u00e1 consagratorio. Este escenario aloj\u00f3 en el 2008 a la FIA GT, una de las categor\u00edas internacionales de autos con techo mas importantes del mundo.<\/p>\n\n\n\n<p>Hoy en d\u00eda el automovilismo ocupa un lugar m\u00e1s que importante demostrando que la pasi\u00f3n por los autos sigue intacta.<\/p>\n\n\n\n<p>Al paso de los autos se&nbsp; estremece el pavimento, a pura adrenalina y v\u00e9rtigo. Para los que gustan de maniobras al l\u00edmite, sobrepasos y \u201cchapa\u201d. Mientras del otro lado del alambre el publico se presta a comer el infaltable asadito a las brasas pos picada completa mientras que se grita ferviente hasta quedar sin voz.<\/p>\n\n\n\n<p>En conclusi\u00f3n queda demostrado que en este circo hincha, piloto y m\u00e1quina son la base de esta alianza inquebrantable.<\/p>\n","protected":false},"excerpt":{"rendered":"<p>Se sabe que el automovilismo nacional genera empleo, negocios, turismo y mucho m\u00e1s, porque todav\u00eda despierta en la gente esa<\/p>\n","protected":false},"author":1,"featured_media":0,"parent":0,"menu_order":0,"comment_status":"closed","ping_status":"closed","template":"","meta":{"colormag_page_container_layout":"default_layout","colormag_page_sidebar_layout":"default_layout","footnotes":""},"class_list":["post-1378","page","type-page","status-publish","hentry"],"yoast_head":"<!-- This site is optimized with the Yoast SEO plugin v27.5 - https:\/\/yoast.com\/product\/yoast-seo-wordpress\/ -->\n<title>El por qu\u00e9 de la pasi\u00f3n | Autos del Podio<\/title>\n<meta name=\"robots\" content=\"noindex, follow\" \/>\n<meta property=\"og:locale\" content=\"es_ES\" \/>\n<meta property=\"og:type\" content=\"article\" \/>\n<meta property=\"og:title\" content=\"El por qu\u00e9 de la pasi\u00f3n | Autos del Podio\" \/>\n<meta property=\"og:description\" content=\"Se sabe que el automovilismo nacional genera empleo, negocios, turismo y mucho m\u00e1s, porque todav\u00eda despierta en la gente esa\" \/>\n<meta property=\"og:url\" content=\"http:\/\/autosdelpodio.com\/autos\/el-por-que-de-la-pasion\/\" \/>\n<meta property=\"og:site_name\" content=\"Autos del Podio\" \/>\n<meta property=\"article:publisher\" content=\"https:\/\/www.facebook.com\/profile.php?id=100057192590976&amp;amp%3bamp%3bamp%3bamp%3bamp%3bamp%3bamp%3bamp%3bamp%3bamp%3bamp%3bamp%3bamp%3bamp%3bamp%3bamp%3bamp%3bamp%3bref=ts\" \/>\n<meta property=\"article:modified_time\" content=\"2020-03-30T23:56:34+00:00\" \/>\n<meta property=\"og:image\" content=\"http:\/\/autosdelpodio.com\/autos\/wp-content\/uploads\/2020\/03\/elporque.jpg\" \/>\n<meta name=\"twitter:card\" content=\"summary_large_image\" \/>\n<meta name=\"twitter:site\" content=\"@autosdelpodio\" \/>\n<meta name=\"twitter:label1\" content=\"Tiempo de lectura\" \/>\n\t<meta name=\"twitter:data1\" content=\"2 minutos\" \/>\n<script type=\"application\/ld+json\" class=\"yoast-schema-graph\">{\"@context\":\"https:\\\/\\\/schema.org\",\"@graph\":[{\"@type\":\"WebPage\",\"@id\":\"http:\\\/\\\/autosdelpodio.com\\\/autos\\\/el-por-que-de-la-pasion\\\/\",\"url\":\"http:\\\/\\\/autosdelpodio.com\\\/autos\\\/el-por-que-de-la-pasion\\\/\",\"name\":\"El por qu\u00e9 de la pasi\u00f3n | Autos del Podio\",\"isPartOf\":{\"@id\":\"http:\\\/\\\/autosdelpodio.com\\\/autos\\\/#website\"},\"primaryImageOfPage\":{\"@id\":\"http:\\\/\\\/autosdelpodio.com\\\/autos\\\/el-por-que-de-la-pasion\\\/#primaryimage\"},\"image\":{\"@id\":\"http:\\\/\\\/autosdelpodio.com\\\/autos\\\/el-por-que-de-la-pasion\\\/#primaryimage\"},\"thumbnailUrl\":\"http:\\\/\\\/autosdelpodio.com\\\/autos\\\/wp-content\\\/uploads\\\/2020\\\/03\\\/elporque.jpg\",\"datePublished\":\"2020-03-30T23:56:32+00:00\",\"dateModified\":\"2020-03-30T23:56:34+00:00\",\"breadcrumb\":{\"@id\":\"http:\\\/\\\/autosdelpodio.com\\\/autos\\\/el-por-que-de-la-pasion\\\/#breadcrumb\"},\"inLanguage\":\"es\",\"potentialAction\":[{\"@type\":\"ReadAction\",\"target\":[\"http:\\\/\\\/autosdelpodio.com\\\/autos\\\/el-por-que-de-la-pasion\\\/\"]}]},{\"@type\":\"ImageObject\",\"inLanguage\":\"es\",\"@id\":\"http:\\\/\\\/autosdelpodio.com\\\/autos\\\/el-por-que-de-la-pasion\\\/#primaryimage\",\"url\":\"https:\\\/\\\/autosdelpodio.com\\\/autos\\\/wp-content\\\/uploads\\\/2020\\\/03\\\/elporque.jpg\",\"contentUrl\":\"https:\\\/\\\/autosdelpodio.com\\\/autos\\\/wp-content\\\/uploads\\\/2020\\\/03\\\/elporque.jpg\",\"width\":274,\"height\":184},{\"@type\":\"BreadcrumbList\",\"@id\":\"http:\\\/\\\/autosdelpodio.com\\\/autos\\\/el-por-que-de-la-pasion\\\/#breadcrumb\",\"itemListElement\":[{\"@type\":\"ListItem\",\"position\":1,\"name\":\"Portada\",\"item\":\"http:\\\/\\\/autosdelpodio.com\\\/autos\\\/\"},{\"@type\":\"ListItem\",\"position\":2,\"name\":\"El por qu\u00e9 de la pasi\u00f3n\"}]},{\"@type\":\"WebSite\",\"@id\":\"http:\\\/\\\/autosdelpodio.com\\\/autos\\\/#website\",\"url\":\"http:\\\/\\\/autosdelpodio.com\\\/autos\\\/\",\"name\":\"Autos del Podio\",\"description\":\"La sexta del deporte motor\",\"publisher\":{\"@id\":\"http:\\\/\\\/autosdelpodio.com\\\/autos\\\/#organization\"},\"potentialAction\":[{\"@type\":\"SearchAction\",\"target\":{\"@type\":\"EntryPoint\",\"urlTemplate\":\"http:\\\/\\\/autosdelpodio.com\\\/autos\\\/?s={search_term_string}\"},\"query-input\":{\"@type\":\"PropertyValueSpecification\",\"valueRequired\":true,\"valueName\":\"search_term_string\"}}],\"inLanguage\":\"es\"},{\"@type\":\"Organization\",\"@id\":\"http:\\\/\\\/autosdelpodio.com\\\/autos\\\/#organization\",\"name\":\"Autos del Podio\",\"url\":\"http:\\\/\\\/autosdelpodio.com\\\/autos\\\/\",\"logo\":{\"@type\":\"ImageObject\",\"inLanguage\":\"es\",\"@id\":\"http:\\\/\\\/autosdelpodio.com\\\/autos\\\/#\\\/schema\\\/logo\\\/image\\\/\",\"url\":\"http:\\\/\\\/autosdelpodio.com\\\/autos\\\/wp-content\\\/uploads\\\/2020\\\/08\\\/Logo_AR.jpg\",\"contentUrl\":\"http:\\\/\\\/autosdelpodio.com\\\/autos\\\/wp-content\\\/uploads\\\/2020\\\/08\\\/Logo_AR.jpg\",\"width\":1038,\"height\":1044,\"caption\":\"Autos del Podio\"},\"image\":{\"@id\":\"http:\\\/\\\/autosdelpodio.com\\\/autos\\\/#\\\/schema\\\/logo\\\/image\\\/\"},\"sameAs\":[\"https:\\\/\\\/www.facebook.com\\\/profile.php?id=100057192590976&amp;amp;amp;amp;amp;amp;amp;amp;amp;amp;amp;amp;amp;amp;amp;amp;amp;amp;ref=ts\",\"https:\\\/\\\/x.com\\\/autosdelpodio\",\"https:\\\/\\\/www.youtube.com\\\/user\\\/AutosdelPodio\"]}]}<\/script>\n<!-- \/ Yoast SEO plugin. -->","yoast_head_json":{"title":"El por qu\u00e9 de la pasi\u00f3n | Autos del Podio","robots":{"index":"noindex","follow":"follow"},"og_locale":"es_ES","og_type":"article","og_title":"El por qu\u00e9 de la pasi\u00f3n | Autos del Podio","og_description":"Se sabe que el automovilismo nacional genera empleo, negocios, turismo y mucho m\u00e1s, porque todav\u00eda despierta en la gente esa","og_url":"http:\/\/autosdelpodio.com\/autos\/el-por-que-de-la-pasion\/","og_site_name":"Autos del Podio","article_publisher":"https:\/\/www.facebook.com\/profile.php?id=100057192590976&amp%3bamp%3bamp%3bamp%3bamp%3bamp%3bamp%3bamp%3bamp%3bamp%3bamp%3bamp%3bamp%3bamp%3bamp%3bamp%3bamp%3bamp%3bref=ts","article_modified_time":"2020-03-30T23:56:34+00:00","og_image":[{"url":"http:\/\/autosdelpodio.com\/autos\/wp-content\/uploads\/2020\/03\/elporque.jpg","type":"","width":"","height":""}],"twitter_card":"summary_large_image","twitter_site":"@autosdelpodio","twitter_misc":{"Tiempo de lectura":"2 minutos"},"schema":{"@context":"https:\/\/schema.org","@graph":[{"@type":"WebPage","@id":"http:\/\/autosdelpodio.com\/autos\/el-por-que-de-la-pasion\/","url":"http:\/\/autosdelpodio.com\/autos\/el-por-que-de-la-pasion\/","name":"El por qu\u00e9 de la pasi\u00f3n | Autos del Podio","isPartOf":{"@id":"http:\/\/autosdelpodio.com\/autos\/#website"},"primaryImageOfPage":{"@id":"http:\/\/autosdelpodio.com\/autos\/el-por-que-de-la-pasion\/#primaryimage"},"image":{"@id":"http:\/\/autosdelpodio.com\/autos\/el-por-que-de-la-pasion\/#primaryimage"},"thumbnailUrl":"http:\/\/autosdelpodio.com\/autos\/wp-content\/uploads\/2020\/03\/elporque.jpg","datePublished":"2020-03-30T23:56:32+00:00","dateModified":"2020-03-30T23:56:34+00:00","breadcrumb":{"@id":"http:\/\/autosdelpodio.com\/autos\/el-por-que-de-la-pasion\/#breadcrumb"},"inLanguage":"es","potentialAction":[{"@type":"ReadAction","target":["http:\/\/autosdelpodio.com\/autos\/el-por-que-de-la-pasion\/"]}]},{"@type":"ImageObject","inLanguage":"es","@id":"http:\/\/autosdelpodio.com\/autos\/el-por-que-de-la-pasion\/#primaryimage","url":"https:\/\/autosdelpodio.com\/autos\/wp-content\/uploads\/2020\/03\/elporque.jpg","contentUrl":"https:\/\/autosdelpodio.com\/autos\/wp-content\/uploads\/2020\/03\/elporque.jpg","width":274,"height":184},{"@type":"BreadcrumbList","@id":"http:\/\/autosdelpodio.com\/autos\/el-por-que-de-la-pasion\/#breadcrumb","itemListElement":[{"@type":"ListItem","position":1,"name":"Portada","item":"http:\/\/autosdelpodio.com\/autos\/"},{"@type":"ListItem","position":2,"name":"El por qu\u00e9 de la pasi\u00f3n"}]},{"@type":"WebSite","@id":"http:\/\/autosdelpodio.com\/autos\/#website","url":"http:\/\/autosdelpodio.com\/autos\/","name":"Autos del Podio","description":"La sexta del deporte motor","publisher":{"@id":"http:\/\/autosdelpodio.com\/autos\/#organization"},"potentialAction":[{"@type":"SearchAction","target":{"@type":"EntryPoint","urlTemplate":"http:\/\/autosdelpodio.com\/autos\/?s={search_term_string}"},"query-input":{"@type":"PropertyValueSpecification","valueRequired":true,"valueName":"search_term_string"}}],"inLanguage":"es"},{"@type":"Organization","@id":"http:\/\/autosdelpodio.com\/autos\/#organization","name":"Autos del Podio","url":"http:\/\/autosdelpodio.com\/autos\/","logo":{"@type":"ImageObject","inLanguage":"es","@id":"http:\/\/autosdelpodio.com\/autos\/#\/schema\/logo\/image\/","url":"http:\/\/autosdelpodio.com\/autos\/wp-content\/uploads\/2020\/08\/Logo_AR.jpg","contentUrl":"http:\/\/autosdelpodio.com\/autos\/wp-content\/uploads\/2020\/08\/Logo_AR.jpg","width":1038,"height":1044,"caption":"Autos del Podio"},"image":{"@id":"http:\/\/autosdelpodio.com\/autos\/#\/schema\/logo\/image\/"},"sameAs":["https:\/\/www.facebook.com\/profile.php?id=100057192590976&amp;amp;amp;amp;amp;amp;amp;amp;amp;amp;amp;amp;amp;amp;amp;amp;amp;amp;ref=ts","https:\/\/x.com\/autosdelpodio","https:\/\/www.youtube.com\/user\/AutosdelPodio"]}]}},"_links":{"self":[{"href":"https:\/\/autosdelpodio.com\/autos\/wp-json\/wp\/v2\/pages\/1378","targetHints":{"allow":["GET"]}}],"collection":[{"href":"https:\/\/autosdelpodio.com\/autos\/wp-json\/wp\/v2\/pages"}],"about":[{"href":"https:\/\/autosdelpodio.com\/autos\/wp-json\/wp\/v2\/types\/page"}],"author":[{"embeddable":true,"href":"https:\/\/autosdelpodio.com\/autos\/wp-json\/wp\/v2\/users\/1"}],"replies":[{"embeddable":true,"href":"https:\/\/autosdelpodio.com\/autos\/wp-json\/wp\/v2\/comments?post=1378"}],"version-history":[{"count":1,"href":"https:\/\/autosdelpodio.com\/autos\/wp-json\/wp\/v2\/pages\/1378\/revisions"}],"predecessor-version":[{"id":1380,"href":"https:\/\/autosdelpodio.com\/autos\/wp-json\/wp\/v2\/pages\/1378\/revisions\/1380"}],"wp:attachment":[{"href":"https:\/\/autosdelpodio.com\/autos\/wp-json\/wp\/v2\/media?parent=1378"}],"curies":[{"name":"wp","href":"https:\/\/api.w.org\/{rel}","templated":true}]}}